{"id":4676,"date":"2022-12-09T11:41:54","date_gmt":"2022-12-09T10:41:54","guid":{"rendered":"https:\/\/annapimenta.pl\/?page_id=4676"},"modified":"2023-03-21T09:47:59","modified_gmt":"2023-03-21T08:47:59","slug":"thank-you","status":"publish","type":"page","link":"https:\/\/annapimenta.pl\/en\/thank-you\/","title":{"rendered":"Thank you!"},"content":{"rendered":"<p>I&#8217;m so happy that you plan to give someone such a special gift and that you&#8217;ve trusted me with it! \u2661<\/p>\n<p>I&#8217;ll reach out to you very soon to finalize the whole process. :)<\/p>\n<p>In case of any additional questions, feel free to reach out:<\/p>\n\n\n<figure class=\"wp-block-image size-large\"><img loading=\"lazy\" decoding=\"async\" width=\"168\" height=\"56\" src=\"https:\/\/annapimenta.pl\/wp-content\/uploads\/2020\/12\/fotograf_krakow_kontakt-1.jpg\" alt=\"\" class=\"wp-image-3184\"\/><\/figure>\n\n\n\n<p>Meanwhile, let&#8217;s catch up on my <span style=\"text-decoration: underline;\"><a href=\"https:\/\/www.instagram.com\/anna_pimenta_photography\/\" target=\"_blank\" rel=\"noreferrer noopener\"><strong>Instagram<\/strong><\/a><\/span> and <span style=\"text-decoration: underline;\"><a href=\"https:\/\/www.facebook.com\/AnnaPimentaPhotography\" target=\"_blank\" rel=\"noreferrer noopener\"><strong>Facebook<\/strong><\/a><\/span>! :)<\/p>\n\n\n\n<figure class=\"wp-block-image\"><img loading=\"lazy\" decoding=\"async\" width=\"625\" height=\"417\" src=\"https:\/\/annapimenta.pl\/wp-content\/uploads\/2018\/12\/Sesja_na_prezent_Krakow_fotograf_Anna_Pimenta_Photography-3-2.jpg\" alt=\"\" class=\"wp-image-1034\" srcset=\"https:\/\/annapimenta.pl\/wp-content\/uploads\/2018\/12\/Sesja_na_prezent_Krakow_fotograf_Anna_Pimenta_Photography-3-2.jpg 625w, https:\/\/annapimenta.pl\/wp-content\/uploads\/2018\/12\/Sesja_na_prezent_Krakow_fotograf_Anna_Pimenta_Photography-3-2-300x200.jpg 300w, https:\/\/annapimenta.pl\/wp-content\/uploads\/2018\/12\/Sesja_na_prezent_Krakow_fotograf_Anna_Pimenta_Photography-3-2-600x400.jpg 600w, https:\/\/annapimenta.pl\/wp-content\/uploads\/2018\/12\/Sesja_na_prezent_Krakow_fotograf_Anna_Pimenta_Photography-3-2-330x220.jpg 330w\" sizes=\"auto, (max-width: 625px) 100vw, 625px\" \/><\/figure>","protected":false},"excerpt":{"rendered":"<p>I&#8217;m so happy that you plan to give someone such a special gift and that you&#8217;ve trusted me with it! \u2661 I&#8217;ll reach out to you very soon to finalize the whole process. :) In case of any additional questions, feel free to reach out: Meanwhile, let&#8217;s catch up on my Instagram and Facebook! :)<\/p>","protected":false},"author":1,"featured_media":0,"parent":0,"menu_order":0,"comment_status":"closed","ping_status":"closed","template":"","meta":{"_monsterinsights_skip_tracking":false,"_monsterinsights_sitenote_active":false,"_monsterinsights_sitenote_note":"","_monsterinsights_sitenote_category":0,"footnotes":""},"class_list":["post-4676","page","type-page","status-publish","hentry"],"yoast_head":"<!-- This site is optimized with the Yoast SEO plugin v20.4 - https:\/\/yoast.com\/wordpress\/plugins\/seo\/ -->\n<title>Thank you! &mdash; Anna Pimenta Photography | Fotograf Krak\u00f3w<\/title>\n<meta name=\"robots\" content=\"noindex, nofollow\" \/>\n<meta property=\"og:locale\" content=\"en_US\" \/>\n<meta property=\"og:type\" content=\"article\" \/>\n<meta property=\"og:title\" content=\"Thank you! &mdash; Anna Pimenta Photography | Fotograf Krak\u00f3w\" \/>\n<meta property=\"og:description\" content=\"I&#8217;m so happy that you plan to give someone such a special gift and that you&#8217;ve trusted me with it! \u2661 I&#8217;ll reach out to you very soon to finalize the whole process. :) In case of any additional questions, feel free to reach out: Meanwhile, let&#8217;s catch up on my Instagram and Facebook! :)\" \/>\n<meta property=\"og:url\" content=\"https:\/\/annapimenta.pl\/en\/thank-you\/\" \/>\n<meta property=\"og:site_name\" content=\"Anna Pimenta Photography | Fotograf Krak\u00f3w\" \/>\n<meta property=\"article:publisher\" content=\"https:\/\/www.facebook.com\/AnnaPimentaPhotography\/\" \/>\n<meta property=\"article:modified_time\" content=\"2023-03-21T08:47:59+00:00\" \/>\n<meta property=\"og:image\" content=\"https:\/\/annapimenta.pl\/wp-content\/uploads\/2020\/12\/fotograf_krakow_kontakt-1.jpg\" \/>\n<meta name=\"twitter:card\" content=\"summary_large_image\" \/>\n<meta name=\"twitter:label1\" content=\"Est. reading time\" \/>\n\t<meta name=\"twitter:data1\" content=\"1 minute\" \/>\n<script type=\"application\/ld+json\" class=\"yoast-schema-graph\">{\"@context\":\"https:\/\/schema.org\",\"@graph\":[{\"@type\":\"WebPage\",\"@id\":\"https:\/\/annapimenta.pl\/thank-you\/\",\"url\":\"https:\/\/annapimenta.pl\/thank-you\/\",\"name\":\"Thank you! &mdash; Anna Pimenta Photography | Fotograf Krak\u00f3w\",\"isPartOf\":{\"@id\":\"https:\/\/annapimenta.pl\/#website\"},\"datePublished\":\"2022-12-09T10:41:54+00:00\",\"dateModified\":\"2023-03-21T08:47:59+00:00\",\"breadcrumb\":{\"@id\":\"https:\/\/annapimenta.pl\/thank-you\/#breadcrumb\"},\"inLanguage\":\"en-US\",\"potentialAction\":[{\"@type\":\"ReadAction\",\"target\":[\"https:\/\/annapimenta.pl\/thank-you\/\"]}]},{\"@type\":\"BreadcrumbList\",\"@id\":\"https:\/\/annapimenta.pl\/thank-you\/#breadcrumb\",\"itemListElement\":[{\"@type\":\"ListItem\",\"position\":1,\"name\":\"Strona g\u0142\u00f3wna\",\"item\":\"https:\/\/annapimenta.pl\/\"},{\"@type\":\"ListItem\",\"position\":2,\"name\":\"Thank you!\"}]},{\"@type\":\"WebSite\",\"@id\":\"https:\/\/annapimenta.pl\/#website\",\"url\":\"https:\/\/annapimenta.pl\/\",\"name\":\"Anna Pimenta Photography | Fotograf Krak\u00f3w\",\"description\":\"Fotograf Krak\u00f3w, fotograf na o\u015bwiadczyny, \u015blub plenerowy, \u015blub w plenerze, sesja narzecze\u0144ska, sesja ci\u0105\u017cowa\",\"publisher\":{\"@id\":\"https:\/\/annapimenta.pl\/#organization\"},\"potentialAction\":[{\"@type\":\"SearchAction\",\"target\":{\"@type\":\"EntryPoint\",\"urlTemplate\":\"https:\/\/annapimenta.pl\/?s={search_term_string}\"},\"query-input\":\"required name=search_term_string\"}],\"inLanguage\":\"en-US\"},{\"@type\":\"Organization\",\"@id\":\"https:\/\/annapimenta.pl\/#organization\",\"name\":\"Anna Pimenta Photography | Fotograf Krak\u00f3w\",\"url\":\"https:\/\/annapimenta.pl\/\",\"logo\":{\"@type\":\"ImageObject\",\"inLanguage\":\"en-US\",\"@id\":\"https:\/\/annapimenta.pl\/#\/schema\/logo\/image\/\",\"url\":\"https:\/\/annapimenta.pl\/wp-content\/uploads\/2017\/05\/Anna-Pimenta-Photography-Logo-Colour-BIG-white-square.png\",\"contentUrl\":\"https:\/\/annapimenta.pl\/wp-content\/uploads\/2017\/05\/Anna-Pimenta-Photography-Logo-Colour-BIG-white-square.png\",\"width\":4115,\"height\":3215,\"caption\":\"Anna Pimenta Photography | Fotograf Krak\u00f3w\"},\"image\":{\"@id\":\"https:\/\/annapimenta.pl\/#\/schema\/logo\/image\/\"},\"sameAs\":[\"https:\/\/www.facebook.com\/AnnaPimentaPhotography\/\",\"https:\/\/www.instagram.com\/anna_pimenta_photography\/\"]}]}<\/script>\n<!-- \/ Yoast SEO plugin. -->","yoast_head_json":{"title":"Thank you! &mdash; Anna Pimenta Photography | Fotograf Krak\u00f3w","robots":{"index":"noindex","follow":"nofollow"},"og_locale":"en_US","og_type":"article","og_title":"Thank you! &mdash; Anna Pimenta Photography | Fotograf Krak\u00f3w","og_description":"I&#8217;m so happy that you plan to give someone such a special gift and that you&#8217;ve trusted me with it! \u2661 I&#8217;ll reach out to you very soon to finalize the whole process. :) In case of any additional questions, feel free to reach out: Meanwhile, let&#8217;s catch up on my Instagram and Facebook! :)","og_url":"https:\/\/annapimenta.pl\/en\/thank-you\/","og_site_name":"Anna Pimenta Photography | Fotograf Krak\u00f3w","article_publisher":"https:\/\/www.facebook.com\/AnnaPimentaPhotography\/","article_modified_time":"2023-03-21T08:47:59+00:00","og_image":[{"url":"https:\/\/annapimenta.pl\/wp-content\/uploads\/2020\/12\/fotograf_krakow_kontakt-1.jpg"}],"twitter_card":"summary_large_image","twitter_misc":{"Est. reading time":"1 minute"},"schema":{"@context":"https:\/\/schema.org","@graph":[{"@type":"WebPage","@id":"https:\/\/annapimenta.pl\/thank-you\/","url":"https:\/\/annapimenta.pl\/thank-you\/","name":"Thank you! &mdash; Anna Pimenta Photography | Fotograf Krak\u00f3w","isPartOf":{"@id":"https:\/\/annapimenta.pl\/#website"},"datePublished":"2022-12-09T10:41:54+00:00","dateModified":"2023-03-21T08:47:59+00:00","breadcrumb":{"@id":"https:\/\/annapimenta.pl\/thank-you\/#breadcrumb"},"inLanguage":"en-US","potentialAction":[{"@type":"ReadAction","target":["https:\/\/annapimenta.pl\/thank-you\/"]}]},{"@type":"BreadcrumbList","@id":"https:\/\/annapimenta.pl\/thank-you\/#breadcrumb","itemListElement":[{"@type":"ListItem","position":1,"name":"Strona g\u0142\u00f3wna","item":"https:\/\/annapimenta.pl\/"},{"@type":"ListItem","position":2,"name":"Thank you!"}]},{"@type":"WebSite","@id":"https:\/\/annapimenta.pl\/#website","url":"https:\/\/annapimenta.pl\/","name":"Anna Pimenta Photography | Fotograf Krak\u00f3w","description":"Fotograf Krak\u00f3w, fotograf na o\u015bwiadczyny, \u015blub plenerowy, \u015blub w plenerze, sesja narzecze\u0144ska, sesja ci\u0105\u017cowa","publisher":{"@id":"https:\/\/annapimenta.pl\/#organization"},"potentialAction":[{"@type":"SearchAction","target":{"@type":"EntryPoint","urlTemplate":"https:\/\/annapimenta.pl\/?s={search_term_string}"},"query-input":"required name=search_term_string"}],"inLanguage":"en-US"},{"@type":"Organization","@id":"https:\/\/annapimenta.pl\/#organization","name":"Anna Pimenta Photography | Fotograf Krak\u00f3w","url":"https:\/\/annapimenta.pl\/","logo":{"@type":"ImageObject","inLanguage":"en-US","@id":"https:\/\/annapimenta.pl\/#\/schema\/logo\/image\/","url":"https:\/\/annapimenta.pl\/wp-content\/uploads\/2017\/05\/Anna-Pimenta-Photography-Logo-Colour-BIG-white-square.png","contentUrl":"https:\/\/annapimenta.pl\/wp-content\/uploads\/2017\/05\/Anna-Pimenta-Photography-Logo-Colour-BIG-white-square.png","width":4115,"height":3215,"caption":"Anna Pimenta Photography | Fotograf Krak\u00f3w"},"image":{"@id":"https:\/\/annapimenta.pl\/#\/schema\/logo\/image\/"},"sameAs":["https:\/\/www.facebook.com\/AnnaPimentaPhotography\/","https:\/\/www.instagram.com\/anna_pimenta_photography\/"]}]}},"_links":{"self":[{"href":"https:\/\/annapimenta.pl\/en\/wp-json\/wp\/v2\/pages\/4676","targetHints":{"allow":["GET"]}}],"collection":[{"href":"https:\/\/annapimenta.pl\/en\/wp-json\/wp\/v2\/pages"}],"about":[{"href":"https:\/\/annapimenta.pl\/en\/wp-json\/wp\/v2\/types\/page"}],"author":[{"embeddable":true,"href":"https:\/\/annapimenta.pl\/en\/wp-json\/wp\/v2\/users\/1"}],"replies":[{"embeddable":true,"href":"https:\/\/annapimenta.pl\/en\/wp-json\/wp\/v2\/comments?post=4676"}],"version-history":[{"count":1,"href":"https:\/\/annapimenta.pl\/en\/wp-json\/wp\/v2\/pages\/4676\/revisions"}],"predecessor-version":[{"id":4677,"href":"https:\/\/annapimenta.pl\/en\/wp-json\/wp\/v2\/pages\/4676\/revisions\/4677"}],"wp:attachment":[{"href":"https:\/\/annapimenta.pl\/en\/wp-json\/wp\/v2\/media?parent=4676"}],"curies":[{"name":"wp","href":"https:\/\/api.w.org\/{rel}","templated":true}]}}